{"id":1393,"date":"2024-01-21T09:06:02","date_gmt":"2024-01-21T09:06:02","guid":{"rendered":"http:\/\/nowa.arsenalpl.pl\/polityka-prywatnosci\/"},"modified":"2024-02-04T08:43:45","modified_gmt":"2024-02-04T08:43:45","slug":"privacy-policy","status":"publish","type":"page","link":"https:\/\/www.arsenalpl.pl\/en\/privacy-policy\/","title":{"rendered":"Privacy policy"},"content":{"rendered":"\n<p><strong>KLAUZULA INFORMACYJNA O PRZETWARZANIU DANYCH OSOBOWYCH W FIRMIE ARSENAL PL SP. Z O.O. SP.J.<\/strong><\/p>\n\n\n\n<p>W zwi\u0105zku z realizacj\u0105 wymog\u00f3w Rozporz\u0105dzenia Parlamentu Europejskiego i Rady (UE) 2016\/679 z dnia 27 kwietnia 2016 r. w sprawie ochrony os\u00f3b fizycznych w zwi\u0105zku<br>z przetwarzaniem danych osobowych i w sprawie swobodnego przep\u0142ywu takich danych oraz uchylenia dyrektywy 95\/46\/WE (og\u00f3lne rozporz\u0105dzenie o ochronie danych \u201eRODO\u201d), informujemy o zasadach przetwarzania Pani\/Pana danych osobowych w celu zawarcia<br>i wykonania um\u00f3w, dla wykonania obowi\u0105zk\u00f3w prawnych, realizacji prawnie uzasadnionych interes\u00f3w i na podstawie udzielonych zg\u00f3d oraz informujemy o przys\u0142uguj\u0105cych Pani\/Panu prawach z tym zwi\u0105zanych. Poni\u017csze zasady stosuje si\u0119 pocz\u0105wszy od 25 maja 2018 roku.<\/p>\n\n\n\n<ol class=\"wp-block-list\">\n<li>Administratorem Pani\/Pana danych osobowych przetwarzanych jest&nbsp;<strong>ARSENAL PL Sp\u00f3\u0142ka z ograniczon\u0105 odpowiedzialno\u015bci\u0105 Sp.J. w Bia\u0142ymstoku z siedzib\u0105 przy ul. Prz\u0119dzalniana 6H, 15-688 Bia\u0142ystok,&nbsp; KRS: 0000711099, NIP: 966-20-95-889, REGON: 360667780<\/strong><\/li>\n<\/ol>\n\n\n\n<ol class=\"wp-block-list\" start=\"2\">\n<li>Administrator danych osobowych \u2013 przetwarza Pani\/Pana dane osobowe na podstawie obowi\u0105zuj\u0105cych przepis\u00f3w prawa, zawartych um\u00f3w, w celu realizacji prawnie uzasadnionych interes\u00f3w Administratora oraz na podstawie udzielonej zgody.<\/li>\n<\/ol>\n\n\n\n<ol class=\"wp-block-list\" start=\"3\">\n<li>Pani\/Pana dane osobowe przetwarzane s\u0105 w celu\/celach:<\/li>\n<\/ol>\n\n\n\n<ol class=\"wp-block-list\" style=\"list-style-type:lower-alpha\">\n<li>zawarcia i wykonania um\u00f3w z kontrahentami Administratora (podstawa prawna:<br>6 ust. 1b RODO) \u2013 przez okres trwania umowy i rozlicze\u0144 po jej zako\u0144czeniu;<\/li>\n\n\n\n<li>spe\u0142nienia ci\u0105\u017c\u0105cych na Administratorze obowi\u0105zk\u00f3w prawnych np. wystawienia<br>lub przechowywania faktur i innych dokument\u00f3w ksi\u0119gowych, udzielanie odpowiedzi na reklamacje (podstawa prawna: art. 6 ust. 1c RODO) \u2013 przez okres jaki przepisy prawa nakazuj\u0105 przechowywa\u0107 dane,<\/li>\n\n\n\n<li>ustalenia, obrony i dochodzenia roszcze\u0144 (podstawa prawna: art. 6 ust. 1f RODO) \u2013 przez okres, po kt\u00f3rym przedawni\u0105 si\u0119 roszczenia,<\/li>\n\n\n\n<li>weryfikacji wiarygodno\u015bci p\u0142atniczej (podstawa prawna: art. 6 ust. 1f RODO) \u2013 przez okres niezb\u0119dny do dokonania takiej oceny przy zawarciu, przed\u0142u\u017ceniu lub rozszerzeniu zakresu umowy,<\/li>\n\n\n\n<li>wykrywania nadu\u017cy\u0107 i zapobiegania im (podstawa prawna: art. 6 ust. 1c i 1f RODO) \u2013 przez okres trwania umowy, a nast\u0119pnie przez okres po kt\u00f3rym przedawni\u0105 si\u0119 roszczenia lub przez czas trwania post\u0119powa\u0144 prowadzonych przez w\u0142a\u015bciwe organy publiczne,<\/li>\n\n\n\n<li>dla potrzeb rekrutacji \u2013 na podstawie (podstawa prawna: art. 6 ust. 1a i 1c RODO) \u2013 przez okres trwania rekrutacji (chyba \u017ce zosta\u0142a udzielona zgoda na przetwarzanie danych na potrzeby tej i przysz\u0142ych rekrutacji)<\/li>\n\n\n\n<li>w celach ochrony mienia na terenie monitorowanym (podstawa prawna art. 6 ust. 1d i 1e) \u2013 przez okres 30 dni,<\/li>\n\n\n\n<li>w celach nawi\u0105zania kontaktu \u2013 na podstawie Art. 6 ust. 1 lit. f og\u00f3lnego rozporz\u0105dzenia o ochronie danych osobowych z dnia 27 kwietnia 2016 r. jako usprawiedliwionego interesu administratora,<\/li>\n\n\n\n<li>w pozosta\u0142ych przypadkach Pani\/Pana dane osobowe przetwarzane s\u0105 wy\u0142\u0105cznie na podstawie wcze\u015bniej udzielonej zgody w zakresie i celu okre\u015blonym w tre\u015bci zgody (art. 6 ust. 1a RODO) \u2013 przez okres od udzielenia zgody do jej cofni\u0119cia.<\/li>\n<\/ol>\n\n\n\n<ol class=\"wp-block-list\" start=\"4\">\n<li>W zwi\u0105zku z przetwarzaniem danych w celach o kt\u00f3rych mowa w pkt 4 odbiorcami Pani\/Pana danych osobowych mog\u0105 by\u0107 podmioty z nast\u0119puj\u0105cych kategorii:<\/li>\n<\/ol>\n\n\n\n<ol class=\"wp-block-list\" style=\"list-style-type:lower-alpha\">\n<li>przetwarzaj\u0105ce dane osobowe w imieniu Administratora na podstawie stosownych um\u00f3w np. obs\u0142uguj\u0105ce systemy informatyczne Administratora, podwykonawcy, po\u015brednicy, sp\u00f3\u0142ki powi\u0105zane kapita\u0142owo i osobowo z Administratorem, podmioty \u015bwiadcz\u0105ce na rzecz Administratora us\u0142ugi doradcze, prawne, windykacyjne oraz us\u0142ugi dor\u0119czania korespondencji i przesy\u0142ek<\/li>\n\n\n\n<li>upowa\u017cnione do ich otrzymania na podstawie obowi\u0105zuj\u0105cych przepis\u00f3w prawa np. s\u0105dy i organy pa\u0144stwowe.<\/li>\n<\/ol>\n\n\n\n<ol class=\"wp-block-list\" start=\"5\">\n<li>Pani\/Pana dane osobowe co do zasady nie s\u0105 przekazywane do pa\u0144stwa trzeciego (poza EOG \u2013 obejmuj\u0105cy Uni\u0119 Europejsk\u0105, Norwegi\u0119, Lichtenstein i Islandi\u0119). W przypadku, gdy dane osobowe s\u0105 przekazywane do pa\u0144stwa trzeciego osoby, kt\u00f3rych dane dotycz\u0105, s\u0105 o tym uprzednio informowane, a Administrator stosuje odpowiednie zabezpieczenia, o kt\u00f3rych mowa w rozdziale V RODO.<\/li>\n<\/ol>\n\n\n\n<ol class=\"wp-block-list\" start=\"6\">\n<li>W zwi\u0105zku z przetwarzaniem Pani\/Pana danych osobowych przys\u0142uguj\u0105 Pani\/Panu nast\u0119puj\u0105ce uprawnienia:<\/li>\n<\/ol>\n\n\n\n<ol class=\"wp-block-list\" style=\"list-style-type:lower-alpha\">\n<li>prawo dost\u0119pu do danych osobowych, w tym prawo do uzyskania kopii tych danych;<\/li>\n\n\n\n<li>prawo do \u017c\u0105dania sprostowania (poprawiania) danych osobowych \u2013 w przypadku gdy dane s\u0105 nieprawid\u0142owe lub niekompletne;<\/li>\n\n\n\n<li>prawo do \u017c\u0105dania usuni\u0119cia danych osobowych (tzw. prawo do bycia zapomnianym), w przypadku gdy:<\/li>\n<\/ol>\n\n\n\n<ul class=\"wp-block-list\">\n<li>dane nie s\u0105 ju\u017c niezb\u0119dne do cel\u00f3w, dla kt\u00f3rych by\u0142y zebrane lub w inny spos\u00f3b przetwarzane,<\/li>\n\n\n\n<li>osoba, kt\u00f3rej dane dotycz\u0105, wnios\u0142a sprzeciw wobec przetwarzania danych osobowych,<\/li>\n\n\n\n<li>osoba, kt\u00f3rej dane dotycz\u0105 wycofa\u0142a zgod\u0119 na przetwarzanie danych osobowych, kt\u00f3ra jest podstaw\u0105 przetwarzania danych i nie ma innej podstawy prawnej przetwarzania danych,<\/li>\n\n\n\n<li>dane osobowe przetwarzane s\u0105 niezgodnie z prawem,<\/li>\n\n\n\n<li>dane osobowe musz\u0105 by\u0107 usuni\u0119te w celu wywi\u0105zania si\u0119 z obowi\u0105zku wynikaj\u0105cego z przepis\u00f3w prawa;<\/li>\n<\/ul>\n\n\n\n<ol class=\"wp-block-list\">\n<li>prawo do \u017c\u0105dania ograniczenia przetwarzania danych osobowych \u2013 w przypadku, gdy:<\/li>\n<\/ol>\n\n\n\n<ul class=\"wp-block-list\">\n<li>osoba, kt\u00f3rej dane dotycz\u0105 kwestionuje prawid\u0142owo\u015b\u0107 danych osobowych,<\/li>\n\n\n\n<li>przetwarzanie danych jest niezgodne z prawem, a osoba, kt\u00f3rej dane dotycz\u0105, sprzeciwia si\u0119 usuni\u0119ciu danych, \u017c\u0105daj\u0105c w zamian ich ograniczenia,<\/li>\n\n\n\n<li>Administrator nie potrzebuje ju\u017c danych dla swoich cel\u00f3w, ale osoba, kt\u00f3rej dane dotycz\u0105, potrzebuje ich do ustalenia, obrony lub dochodzenia roszcze\u0144,<\/li>\n\n\n\n<li>osoba, kt\u00f3rej dane dotycz\u0105, wnios\u0142a sprzeciw wobec przetwarzania danych, do czasu ustalenia czy prawnie uzasadnione podstawy po stronie administratora s\u0105 nadrz\u0119dne wobec podstawy sprzeciwu;<\/li>\n<\/ul>\n\n\n\n<ol class=\"wp-block-list\">\n<li>prawo do przenoszenia danych \u2013 w przypadku gdy \u0142\u0105cznie spe\u0142nione s\u0105 nast\u0119puj\u0105ce przes\u0142anki:<\/li>\n<\/ol>\n\n\n\n<ul class=\"wp-block-list\">\n<li>przetwarzanie danych odbywa si\u0119 na podstawie umowy zawartej z osob\u0105, kt\u00f3rej dane dotycz\u0105 lub na podstawie zgody wyra\u017conej przez t\u0105 osob\u0119,<\/li>\n\n\n\n<li>przetwarzanie odbywa si\u0119 w spos\u00f3b zautomatyzowany;\n<ol class=\"wp-block-list\">\n<li>prawo sprzeciwu wobec przetwarzania danych w przypadku gdy zaistniej\u0105 przyczyny zwi\u0105zane z Pani\/Pana szczeg\u00f3ln\u0105 sytuacj\u0105, a podstaw\u0105 przetwarzania jest ich niezb\u0119dno\u015b\u0107 do cel\u00f3w wynikaj\u0105cych z prawnie uzasadnionych interes\u00f3w realizowanych przez Administratora lub przez stron\u0119 trzeci\u0105 (art. 6 ust. 1 f RODO), z wyj\u0105tkiem sytuacji, w kt\u00f3rych Administrator:<\/li>\n<\/ol>\n<\/li>\n<\/ul>\n\n\n\n<ul class=\"wp-block-list\">\n<li>wyka\u017ce istnienie wa\u017cnych prawnie uzasadnionych podstaw do przetwarzania, nadrz\u0119dnych wobec tych interes\u00f3w, praw i wolno\u015bci osoby, kt\u00f3rej dane dotycz\u0105, wymagaj\u0105ce ochrony danych osobowych, w szczeg\u00f3lno\u015bci gdy osoba, kt\u00f3rej dane dotycz\u0105 jest dzieckiem, lub wyka\u017ce podstawy do ustalenia, dochodzenia lub obrony roszcze\u0144.<\/li>\n<\/ul>\n\n\n\n<p>Je\u017celi jednak dane s\u0105 przetwarzane dla cel\u00f3w marketingu bezpo\u015bredniego (w tym profilowania) ma Pani\/Pan prawo wnie\u015b\u0107 sprzeciw w dowolnym momencie, a Administratorowi nie b\u0119dzie wolno ju\u017c przetwarza\u0107 danych do tych cel\u00f3w.<\/p>\n\n\n\n<ol class=\"wp-block-list\" start=\"7\">\n<li>W przypadku gdy przetwarzanie danych osobowych odbywa si\u0119 na podstawie zgody osoby na przetwarzanie danych osobowych (art. 6 ust. 1 lit a RODO), przys\u0142uguje Pani\/Panu prawo do cofni\u0119cia tej zgody w dowolnym momencie. Cofni\u0119cie to nie ma wp\u0142ywu na zgodno\u015b\u0107 przetwarzania, kt\u00f3rego dokonano na podstawie zgody przed jej cofni\u0119ciem, z obowi\u0105zuj\u0105cym prawem.<\/li>\n<\/ol>\n\n\n\n<ol class=\"wp-block-list\" start=\"8\">\n<li>W przypadku powzi\u0119cia informacji o niezgodnym z prawem przetwarzaniu przez Administratora Pani\/Pana danych osobowych, przys\u0142uguje Pani\/Panu prawo wniesienia skargi do Prezesa Urz\u0119du Ochrony Danych Osobowych.<\/li>\n<\/ol>\n\n\n\n<ol class=\"wp-block-list\" start=\"9\">\n<li>W sytuacji, gdy przetwarzanie danych osobowych odbywa si\u0119 na podstawie zgody osoby, kt\u00f3rej dane dotycz\u0105, podanie przez Pani\u0105\/Pana danych osobowych Administratorowi ma charakter dobrowolny. W przypadku zawierania umowy podanie danych osobowych jest dobrowolne, ale niezb\u0119dne do zawarcia i wykonania umowy.<\/li>\n<\/ol>\n\n\n\n<ol class=\"wp-block-list\" start=\"10\">\n<li>Pani\/Pana dane osobowe nie b\u0119d\u0105 podlega\u0142y zautomatyzowanemu podejmowaniu decyzji, w tym profilowaniu.<\/li>\n<\/ol>\n","protected":false},"excerpt":{"rendered":"<p>KLAUZULA INFORMACYJNA O PRZETWARZANIU DANYCH OSOBOWYCH W FIRMIE ARSENAL PL SP. Z O.O. SP.J. W zwi\u0105zku z realizacj\u0105 wymog\u00f3w Rozporz\u0105dzenia Parlamentu Europejskiego i Rady (UE) 2016\/679 z dnia 27 kwietnia 2016 r. w sprawie ochrony os\u00f3b fizycznych w zwi\u0105zkuz przetwarzaniem danych osobowych i w sprawie swobodnego przep\u0142ywu takich danych oraz uchylenia dyrektywy 95\/46\/WE (og\u00f3lne rozporz\u0105dzenie&#8230;<\/p>\n","protected":false},"author":1,"featured_media":0,"parent":0,"menu_order":0,"comment_status":"closed","ping_status":"closed","template":"","meta":{"_acf_changed":false,"_kad_blocks_custom_css":"","_kad_blocks_head_custom_js":"","_kad_blocks_body_custom_js":"","_kad_blocks_footer_custom_js":"","_kad_post_transparent":"","_kad_post_title":"","_kad_post_layout":"","_kad_post_sidebar_id":"","_kad_post_content_style":"","_kad_post_vertical_padding":"","_kad_post_feature":"","_kad_post_feature_position":"","_kad_post_header":false,"_kad_post_footer":false,"_kad_post_classname":"","footnotes":""},"class_list":["post-1393","page","type-page","status-publish","hentry"],"acf":[],"taxonomy_info":[],"featured_image_src_large":false,"author_info":{"display_name":"login_at","author_link":"https:\/\/www.arsenalpl.pl\/en\/author\/admin\/"},"comment_info":"","_links":{"self":[{"href":"https:\/\/www.arsenalpl.pl\/en\/wp-json\/wp\/v2\/pages\/1393","targetHints":{"allow":["GET"]}}],"collection":[{"href":"https:\/\/www.arsenalpl.pl\/en\/wp-json\/wp\/v2\/pages"}],"about":[{"href":"https:\/\/www.arsenalpl.pl\/en\/wp-json\/wp\/v2\/types\/page"}],"author":[{"embeddable":true,"href":"https:\/\/www.arsenalpl.pl\/en\/wp-json\/wp\/v2\/users\/1"}],"replies":[{"embeddable":true,"href":"https:\/\/www.arsenalpl.pl\/en\/wp-json\/wp\/v2\/comments?post=1393"}],"version-history":[{"count":1,"href":"https:\/\/www.arsenalpl.pl\/en\/wp-json\/wp\/v2\/pages\/1393\/revisions"}],"predecessor-version":[{"id":1693,"href":"https:\/\/www.arsenalpl.pl\/en\/wp-json\/wp\/v2\/pages\/1393\/revisions\/1693"}],"wp:attachment":[{"href":"https:\/\/www.arsenalpl.pl\/en\/wp-json\/wp\/v2\/media?parent=1393"}],"curies":[{"name":"wp","href":"https:\/\/api.w.org\/{rel}","templated":true}]}}